{"id":8135,"date":"2019-04-19T21:44:58","date_gmt":"2019-04-19T19:44:58","guid":{"rendered":"https:\/\/rutessilviarovira.com\/calendario-events\/"},"modified":"2024-10-17T18:31:39","modified_gmt":"2024-10-17T16:31:39","slug":"calendario-events","status":"publish","type":"page","link":"https:\/\/rutessilviarovira.com\/es\/calendario-events\/","title":{"rendered":"Calendario Events"},"content":{"rendered":"<p>[vc_row row_background_shadow=\u00bbno\u00bb][vc_column]<div class=\"mkdf-event-list-holder mkdf-event-list-standard mkdf-event-list-col-3\" data-next-page= \"2\" data-type= \"standard\" data-columns= \"3\" data-order-by= \"date\" data-order= \"ASC\" data-event-status= \"all\" data-number= \"-1\" data-image-size= \"original\" data-category= \"CALENDARI EVENTS\" data-show-more= \"none\" data-title-tag= \"h4\" data-max-num-pages = 0><div class=\"mkdf-event-list-holder-inner \" data-number-of-items=\"3\"><div class=\"mkdf-el-item mkdf-el-item-odd\">\n    <div class=\"mkdf-el-item-inner\">\n        <div class=\"mkdf-el-item-inner-holder\">\n            <div class=\"mkdf-el-item-image\">\n                <a href=\"https:\/\/rutessilviarovira.com\/es\/event\/travesia-entre-riscos-por-el-solsones-enigmatico\/\">\n                    <img decoding=\"async\" width=\"1070\" height=\"698\" src=\"https:\/\/rutessilviarovira.com\/wp-content\/uploads\/2022\/11\/P1280277.9-e1761748402805.jpg\" class=\"attachment-full size-full wp-post-image\" alt=\"\" \/>                <\/a>\n            <\/div>\n                            <div class=\"mkdf-el-item-date\">\n                                        <span class=\"mkdf-el-item-day\">06<\/span>\n                    <div class=\"mkdf-el-item-my\">\n                        <span class=\"mkdf-el-item-month\">Desembre<\/span>\n                    <\/div>\n                <\/div>\n                        <div class=\"mkdf-el-item-content\" >\n                <div class=\"mkdf-el-item-location-title-holder\">\n                    <h4 class=\"mkdf-el-item-title\">\n                    <a href=\"https:\/\/rutessilviarovira.com\/es\/event\/travesia-entre-riscos-por-el-solsones-enigmatico\/\">\n                        Traves\u00eda entre riscos por el Solson\u00e8s Enigm\u00e1tico                    <\/a>\n                <\/h4>\n                                    <div class=\"mkdf-el-item-location\">\n                        <span>Solson\u00e8s<\/span>\n                    <\/div>\n                                                    <div class=\"mkdf-el-item-time\">\n\t\t\t\t            <span>\n\t\t\t\t            \t3 Dies\t\t\t\t            <\/span>\n                    <\/div>\n                                <div class=\"mkdf-el-read-more-link\">\n                    <a href=\"https:\/\/rutessilviarovira.com\/es\/event\/travesia-entre-riscos-por-el-solsones-enigmatico\/\">Llegeix m\u00e9s<\/a>\n                <\/div>\n            <\/div>\n        <\/div>\n    <\/div>\n<\/div>\n<\/div><div class=\"mkdf-el-item mkdf-el-item-even\">\n    <div class=\"mkdf-el-item-inner\">\n        <div class=\"mkdf-el-item-inner-holder\">\n            <div class=\"mkdf-el-item-image\">\n                <a href=\"https:\/\/rutessilviarovira.com\/es\/event\/raquetas-de-nieve-guiadas-a-medida\/\">\n                    <img decoding=\"async\" width=\"1260\" height=\"790\" src=\"https:\/\/rutessilviarovira.com\/wp-content\/uploads\/2019\/10\/P1080724.9-e1638524703628.jpg\" class=\"attachment-full size-full wp-post-image\" alt=\"\" srcset=\"https:\/\/rutessilviarovira.com\/wp-content\/uploads\/2019\/10\/P1080724.9-e1638524703628.jpg 1260w, https:\/\/rutessilviarovira.com\/wp-content\/uploads\/2019\/10\/P1080724.9-e1638524703628-600x376.jpg 600w, https:\/\/rutessilviarovira.com\/wp-content\/uploads\/2019\/10\/P1080724.9-e1638524703628-300x188.jpg 300w, https:\/\/rutessilviarovira.com\/wp-content\/uploads\/2019\/10\/P1080724.9-e1638524703628-768x482.jpg 768w, https:\/\/rutessilviarovira.com\/wp-content\/uploads\/2019\/10\/P1080724.9-e1638524703628-1024x642.jpg 1024w\" sizes=\"(max-width: 1260px) 100vw, 1260px\" \/>                <\/a>\n            <\/div>\n                        <div class=\"mkdf-el-item-content\" >\n                <div class=\"mkdf-el-item-location-title-holder\">\n                    <h4 class=\"mkdf-el-item-title\">\n                    <a href=\"https:\/\/rutessilviarovira.com\/es\/event\/raquetas-de-nieve-guiadas-a-medida\/\">\n                        Raquetas de nieve guiadas a medida                    <\/a>\n                <\/h4>\n                                                    <div class=\"mkdf-el-item-time\">\n\t\t\t\t            <span>\n\t\t\t\t            \tDisponible bajo petici\u00f3n\t\t\t\t            <\/span>\n                    <\/div>\n                                <div class=\"mkdf-el-read-more-link\">\n                    <a href=\"https:\/\/rutessilviarovira.com\/es\/event\/raquetas-de-nieve-guiadas-a-medida\/\">Llegeix m\u00e9s<\/a>\n                <\/div>\n            <\/div>\n        <\/div>\n    <\/div>\n<\/div>\n<\/div><div class=\"mkdf-el-item mkdf-el-item-odd\">\n    <div class=\"mkdf-el-item-inner\">\n        <div class=\"mkdf-el-item-inner-holder\">\n            <div class=\"mkdf-el-item-image\">\n                <a href=\"https:\/\/rutessilviarovira.com\/es\/event\/fin-de-ano-con-raquetas-de-nieve-por-los-alpes-italianos\/\">\n                    <img decoding=\"async\" width=\"2560\" height=\"1920\" src=\"https:\/\/rutessilviarovira.com\/wp-content\/uploads\/2023\/12\/P1350172-scaled-e1723831975214.jpg\" class=\"attachment-full size-full wp-post-image\" alt=\"\" \/>                <\/a>\n            <\/div>\n                            <div class=\"mkdf-el-item-date\">\n                                        <span class=\"mkdf-el-item-day\">28<\/span>\n                    <div class=\"mkdf-el-item-my\">\n                        <span class=\"mkdf-el-item-month\">Desembre<\/span>\n                    <\/div>\n                <\/div>\n                        <div class=\"mkdf-el-item-content\" >\n                <div class=\"mkdf-el-item-location-title-holder\">\n                    <h4 class=\"mkdf-el-item-title\">\n                    <a href=\"https:\/\/rutessilviarovira.com\/es\/event\/fin-de-ano-con-raquetas-de-nieve-por-los-alpes-italianos\/\">\n                        Fin de A\u00f1o en los Alpes Italianos con raquetas de Nieve                    <\/a>\n                <\/h4>\n                                                    <div class=\"mkdf-el-item-time\">\n\t\t\t\t            <span>\n\t\t\t\t            \t7 Dies\t\t\t\t            <\/span>\n                    <\/div>\n                                <div class=\"mkdf-el-read-more-link\">\n                    <a href=\"https:\/\/rutessilviarovira.com\/es\/event\/fin-de-ano-con-raquetas-de-nieve-por-los-alpes-italianos\/\">Llegeix m\u00e9s<\/a>\n                <\/div>\n            <\/div>\n        <\/div>\n    <\/div>\n<\/div>\n<\/div><div class=\"mkdf-el-item mkdf-el-item-even\">\n    <div class=\"mkdf-el-item-inner\">\n        <div class=\"mkdf-el-item-inner-holder\">\n            <div class=\"mkdf-el-item-image\">\n                <a href=\"https:\/\/rutessilviarovira.com\/es\/event\/prado-de-cadi-y-o-lles-de-cerdanya\/\">\n                    <img decoding=\"async\" width=\"2560\" height=\"1920\" src=\"https:\/\/rutessilviarovira.com\/wp-content\/uploads\/2023\/03\/1350496-scaled-e1708793394872.jpg\" class=\"attachment-full size-full wp-post-image\" alt=\"Prat de Cadi\" \/>                <\/a>\n            <\/div>\n                            <div class=\"mkdf-el-item-date\">\n                                        <span class=\"mkdf-el-item-day\">31<\/span>\n                    <div class=\"mkdf-el-item-my\">\n                        <span class=\"mkdf-el-item-month\">Gener<\/span>\n                    <\/div>\n                <\/div>\n                        <div class=\"mkdf-el-item-content\" >\n                <div class=\"mkdf-el-item-location-title-holder\">\n                    <h4 class=\"mkdf-el-item-title\">\n                    <a href=\"https:\/\/rutessilviarovira.com\/es\/event\/prado-de-cadi-y-o-lles-de-cerdanya\/\">\n                        Prado de Cad\u00ed y\/o Lles de Cerdanya                    <\/a>\n                <\/h4>\n                                                    <div class=\"mkdf-el-item-time\">\n\t\t\t\t            <span>\n\t\t\t\t            \t2 Dies\t\t\t\t            <\/span>\n                    <\/div>\n                                <div class=\"mkdf-el-read-more-link\">\n                    <a href=\"https:\/\/rutessilviarovira.com\/es\/event\/prado-de-cadi-y-o-lles-de-cerdanya\/\">Llegeix m\u00e9s<\/a>\n                <\/div>\n            <\/div>\n        <\/div>\n    <\/div>\n<\/div>\n<\/div><div class=\"mkdf-el-item mkdf-el-item-odd\">\n    <div class=\"mkdf-el-item-inner\">\n        <div class=\"mkdf-el-item-inner-holder\">\n            <div class=\"mkdf-el-item-image\">\n                <a href=\"https:\/\/rutessilviarovira.com\/es\/event\/raquetas-de-nieve-puymorens\/\">\n                    <img decoding=\"async\" width=\"1022\" height=\"656\" src=\"https:\/\/rutessilviarovira.com\/wp-content\/uploads\/2022\/01\/P1000340.9-scaled-e1671446719813.jpg\" class=\"attachment-full size-full wp-post-image\" alt=\"\" srcset=\"https:\/\/rutessilviarovira.com\/wp-content\/uploads\/2022\/01\/P1000340.9-scaled-e1671446719813.jpg 1022w, https:\/\/rutessilviarovira.com\/wp-content\/uploads\/2022\/01\/P1000340.9-scaled-e1671446719813-300x193.jpg 300w, https:\/\/rutessilviarovira.com\/wp-content\/uploads\/2022\/01\/P1000340.9-scaled-e1671446719813-768x493.jpg 768w\" sizes=\"(max-width: 1022px) 100vw, 1022px\" \/>                <\/a>\n            <\/div>\n                            <div class=\"mkdf-el-item-date\">\n                                        <span class=\"mkdf-el-item-day\">14<\/span>\n                    <div class=\"mkdf-el-item-my\">\n                        <span class=\"mkdf-el-item-month\">Febrer<\/span>\n                    <\/div>\n                <\/div>\n                        <div class=\"mkdf-el-item-content\" >\n                <div class=\"mkdf-el-item-location-title-holder\">\n                    <h4 class=\"mkdf-el-item-title\">\n                    <a href=\"https:\/\/rutessilviarovira.com\/es\/event\/raquetas-de-nieve-puymorens\/\">\n                        Raquetas de nieve Puymorens                    <\/a>\n                <\/h4>\n                                    <div class=\"mkdf-el-item-location\">\n                        <span>Puymorens<\/span>\n                    <\/div>\n                                                    <div class=\"mkdf-el-item-time\">\n\t\t\t\t            <span>\n\t\t\t\t            \t2 Dies\t\t\t\t            <\/span>\n                    <\/div>\n                                <div class=\"mkdf-el-read-more-link\">\n                    <a href=\"https:\/\/rutessilviarovira.com\/es\/event\/raquetas-de-nieve-puymorens\/\">Llegeix m\u00e9s<\/a>\n                <\/div>\n            <\/div>\n        <\/div>\n    <\/div>\n<\/div>\n<\/div><div class=\"mkdf-el-item mkdf-el-item-even\">\n    <div class=\"mkdf-el-item-inner\">\n        <div class=\"mkdf-el-item-inner-holder\">\n            <div class=\"mkdf-el-item-image\">\n                <a href=\"https:\/\/rutessilviarovira.com\/es\/event\/raquetas-rasos-de-peguera\/\">\n                    <img decoding=\"async\" width=\"2048\" height=\"1536\" src=\"https:\/\/rutessilviarovira.com\/wp-content\/uploads\/2019\/12\/P1340960.9-e1764188455205.jpg\" class=\"attachment-full size-full wp-post-image\" alt=\"\" \/>                <\/a>\n            <\/div>\n                        <div class=\"mkdf-el-item-content\" >\n                <div class=\"mkdf-el-item-location-title-holder\">\n                    <h4 class=\"mkdf-el-item-title\">\n                    <a href=\"https:\/\/rutessilviarovira.com\/es\/event\/raquetas-rasos-de-peguera\/\">\n                        Raquetas Rasos de Peguera                    <\/a>\n                <\/h4>\n                                                    <div class=\"mkdf-el-item-time\">\n\t\t\t\t            <span>\n\t\t\t\t            \tDisponible bajo petici\u00f3n\t\t\t\t            <\/span>\n                    <\/div>\n                                <div class=\"mkdf-el-read-more-link\">\n                    <a href=\"https:\/\/rutessilviarovira.com\/es\/event\/raquetas-rasos-de-peguera\/\">Llegeix m\u00e9s<\/a>\n                <\/div>\n            <\/div>\n        <\/div>\n    <\/div>\n<\/div>\n<\/div><div class=\"mkdf-el-item mkdf-el-item-odd\">\n    <div class=\"mkdf-el-item-inner\">\n        <div class=\"mkdf-el-item-inner-holder\">\n            <div class=\"mkdf-el-item-image\">\n                <a href=\"https:\/\/rutessilviarovira.com\/es\/event\/raquetas-de-nieve-en-los-lagos-de-las-bullosses\/\">\n                    <img decoding=\"async\" width=\"800\" height=\"536\" src=\"https:\/\/rutessilviarovira.com\/wp-content\/uploads\/2019\/12\/P1050169.9-800-x-800-e1577184956457.jpg\" class=\"attachment-full size-full wp-post-image\" alt=\"\" srcset=\"https:\/\/rutessilviarovira.com\/wp-content\/uploads\/2019\/12\/P1050169.9-800-x-800-e1577184956457.jpg 800w, https:\/\/rutessilviarovira.com\/wp-content\/uploads\/2019\/12\/P1050169.9-800-x-800-e1577184956457-600x402.jpg 600w, https:\/\/rutessilviarovira.com\/wp-content\/uploads\/2019\/12\/P1050169.9-800-x-800-e1577184956457-300x201.jpg 300w, https:\/\/rutessilviarovira.com\/wp-content\/uploads\/2019\/12\/P1050169.9-800-x-800-e1577184956457-768x515.jpg 768w\" sizes=\"(max-width: 800px) 100vw, 800px\" \/>                <\/a>\n            <\/div>\n                        <div class=\"mkdf-el-item-content\" >\n                <div class=\"mkdf-el-item-location-title-holder\">\n                    <h4 class=\"mkdf-el-item-title\">\n                    <a href=\"https:\/\/rutessilviarovira.com\/es\/event\/raquetas-de-nieve-en-los-lagos-de-las-bullosses\/\">\n                        Raquetas de Nieve en los lagos de las Bullosses                    <\/a>\n                <\/h4>\n                                                    <div class=\"mkdf-el-item-time\">\n\t\t\t\t            <span>\n\t\t\t\t            \tDisponible bajo petici\u00f3n\t\t\t\t            <\/span>\n                    <\/div>\n                                <div class=\"mkdf-el-read-more-link\">\n                    <a href=\"https:\/\/rutessilviarovira.com\/es\/event\/raquetas-de-nieve-en-los-lagos-de-las-bullosses\/\">Llegeix m\u00e9s<\/a>\n                <\/div>\n            <\/div>\n        <\/div>\n    <\/div>\n<\/div>\n<\/div><div class=\"mkdf-el-item mkdf-el-item-even\">\n    <div class=\"mkdf-el-item-inner\">\n        <div class=\"mkdf-el-item-inner-holder\">\n            <div class=\"mkdf-el-item-image\">\n                <a href=\"https:\/\/rutessilviarovira.com\/es\/event\/descubre-madeira-la-perla-del-atlantico\/\">\n                    <img decoding=\"async\" width=\"2560\" height=\"1920\" src=\"https:\/\/rutessilviarovira.com\/wp-content\/uploads\/2024\/08\/P1350906-scaled-e1724181552225.jpg\" class=\"attachment-full size-full wp-post-image\" alt=\"Madeira\" \/>                <\/a>\n            <\/div>\n                        <div class=\"mkdf-el-item-content\" >\n                <div class=\"mkdf-el-item-location-title-holder\">\n                    <h4 class=\"mkdf-el-item-title\">\n                    <a href=\"https:\/\/rutessilviarovira.com\/es\/event\/descubre-madeira-la-perla-del-atlantico\/\">\n                        Descubre Madeira la Perla del Atl\u00e1ntico                    <\/a>\n                <\/h4>\n                                                    <div class=\"mkdf-el-item-time\">\n\t\t\t\t            <span>\n\t\t\t\t            \tDisponible bajo petici\u00f3n\t\t\t\t            <\/span>\n                    <\/div>\n                                <div class=\"mkdf-el-read-more-link\">\n                    <a href=\"https:\/\/rutessilviarovira.com\/es\/event\/descubre-madeira-la-perla-del-atlantico\/\">Llegeix m\u00e9s<\/a>\n                <\/div>\n            <\/div>\n        <\/div>\n    <\/div>\n<\/div>\n<\/div><div class=\"mkdf-el-item mkdf-el-item-odd\">\n    <div class=\"mkdf-el-item-inner\">\n        <div class=\"mkdf-el-item-inner-holder\">\n            <div class=\"mkdf-el-item-image\">\n                <a href=\"https:\/\/rutessilviarovira.com\/es\/event\/santuario-del-mon-canigo-ruta-verdaguer-2a-parte\/\">\n                    <img decoding=\"async\" width=\"1037\" height=\"672\" src=\"https:\/\/rutessilviarovira.com\/wp-content\/uploads\/2023\/06\/P1260121-e1712145928968.jpg\" class=\"attachment-full size-full wp-post-image\" alt=\"\" \/>                <\/a>\n            <\/div>\n                        <div class=\"mkdf-el-item-content\" >\n                <div class=\"mkdf-el-item-location-title-holder\">\n                    <h4 class=\"mkdf-el-item-title\">\n                    <a href=\"https:\/\/rutessilviarovira.com\/es\/event\/santuario-del-mon-canigo-ruta-verdaguer-2a-parte\/\">\n                        Santuario del Mon-Canig\u00f3; Ruta Verdaguer 2\u00aa parte                    <\/a>\n                <\/h4>\n                                                    <div class=\"mkdf-el-item-time\">\n\t\t\t\t            <span>\n\t\t\t\t            \tDisponible bajo petici\u00f3n\t\t\t\t            <\/span>\n                    <\/div>\n                                <div class=\"mkdf-el-read-more-link\">\n                    <a href=\"https:\/\/rutessilviarovira.com\/es\/event\/santuario-del-mon-canigo-ruta-verdaguer-2a-parte\/\">Llegeix m\u00e9s<\/a>\n                <\/div>\n            <\/div>\n        <\/div>\n    <\/div>\n<\/div>\n<\/div><div class=\"mkdf-el-item mkdf-el-item-even\">\n    <div class=\"mkdf-el-item-inner\">\n        <div class=\"mkdf-el-item-inner-holder\">\n            <div class=\"mkdf-el-item-image\">\n                <a href=\"https:\/\/rutessilviarovira.com\/es\/event\/senderismo-en-los-dolomitas-2\/\">\n                    <img decoding=\"async\" width=\"1060\" height=\"657\" src=\"https:\/\/rutessilviarovira.com\/wp-content\/uploads\/2022\/05\/P1100335.1-e1652177668352.jpg\" class=\"attachment-full size-full wp-post-image\" alt=\"\" srcset=\"https:\/\/rutessilviarovira.com\/wp-content\/uploads\/2022\/05\/P1100335.1-e1652177668352.jpg 1060w, https:\/\/rutessilviarovira.com\/wp-content\/uploads\/2022\/05\/P1100335.1-e1652177668352-300x186.jpg 300w, https:\/\/rutessilviarovira.com\/wp-content\/uploads\/2022\/05\/P1100335.1-e1652177668352-1024x635.jpg 1024w, https:\/\/rutessilviarovira.com\/wp-content\/uploads\/2022\/05\/P1100335.1-e1652177668352-768x476.jpg 768w\" sizes=\"(max-width: 1060px) 100vw, 1060px\" \/>                <\/a>\n            <\/div>\n                        <div class=\"mkdf-el-item-content\" >\n                <div class=\"mkdf-el-item-location-title-holder\">\n                    <h4 class=\"mkdf-el-item-title\">\n                    <a href=\"https:\/\/rutessilviarovira.com\/es\/event\/senderismo-en-los-dolomitas-2\/\">\n                        Senderismo en los Dolomitas                    <\/a>\n                <\/h4>\n                                                    <div class=\"mkdf-el-item-time\">\n\t\t\t\t            <span>\n\t\t\t\t            \tDisponible bajo petici\u00f3n\t\t\t\t            <\/span>\n                    <\/div>\n                                <div class=\"mkdf-el-read-more-link\">\n                    <a href=\"https:\/\/rutessilviarovira.com\/es\/event\/senderismo-en-los-dolomitas-2\/\">Llegeix m\u00e9s<\/a>\n                <\/div>\n            <\/div>\n        <\/div>\n    <\/div>\n<\/div>\n<\/div><div class=\"mkdf-el-item mkdf-el-item-odd\">\n    <div class=\"mkdf-el-item-inner\">\n        <div class=\"mkdf-el-item-inner-holder\">\n            <div class=\"mkdf-el-item-image\">\n                <a href=\"https:\/\/rutessilviarovira.com\/es\/event\/ruta-alpina-en-el-coma-dor-y-en-el-puigpedros-de-lanos-50-cumbres\/\">\n                    <img decoding=\"async\" width=\"2560\" height=\"1920\" src=\"https:\/\/rutessilviarovira.com\/wp-content\/uploads\/2024\/10\/1360860-scaled-e1757698277269.jpg\" class=\"attachment-full size-full wp-post-image\" alt=\"\" \/>                <\/a>\n            <\/div>\n                            <div class=\"mkdf-el-item-date\">\n                                        <span class=\"mkdf-el-item-day\">25<\/span>\n                    <div class=\"mkdf-el-item-my\">\n                        <span class=\"mkdf-el-item-month\">Octubre<\/span>\n                    <\/div>\n                <\/div>\n                        <div class=\"mkdf-el-item-content\" >\n                <div class=\"mkdf-el-item-location-title-holder\">\n                    <h4 class=\"mkdf-el-item-title\">\n                    <a href=\"https:\/\/rutessilviarovira.com\/es\/event\/ruta-alpina-en-el-coma-dor-y-en-el-puigpedros-de-lanos-50-cumbres\/\">\n                        Ruta Alpina en el Coma d&#8217;Or y en el Puigpedr\u00f3s de Lan\u00f3s; 50 Cumbres                    <\/a>\n                <\/h4>\n                                                    <div class=\"mkdf-el-item-time\">\n\t\t\t\t            <span>\n\t\t\t\t            \t2 Dies\t\t\t\t            <\/span>\n                    <\/div>\n                                <div class=\"mkdf-el-read-more-link\">\n                    <a href=\"https:\/\/rutessilviarovira.com\/es\/event\/ruta-alpina-en-el-coma-dor-y-en-el-puigpedros-de-lanos-50-cumbres\/\">Llegeix m\u00e9s<\/a>\n                <\/div>\n            <\/div>\n        <\/div>\n    <\/div>\n<\/div>\n<\/div><div class=\"mkdf-el-item mkdf-el-item-even\">\n    <div class=\"mkdf-el-item-inner\">\n        <div class=\"mkdf-el-item-inner-holder\">\n            <div class=\"mkdf-el-item-image\">\n                <a href=\"https:\/\/rutessilviarovira.com\/es\/event\/emblematic-mountains-el-gran-sasso-en-los-apeninos-travesia\/\">\n                    <img decoding=\"async\" width=\"1060\" height=\"678\" src=\"https:\/\/rutessilviarovira.com\/wp-content\/uploads\/2021\/08\/P1170203-scaled-e1652609483648.jpg\" class=\"attachment-full size-full wp-post-image\" alt=\"\" srcset=\"https:\/\/rutessilviarovira.com\/wp-content\/uploads\/2021\/08\/P1170203-scaled-e1652609483648.jpg 1060w, https:\/\/rutessilviarovira.com\/wp-content\/uploads\/2021\/08\/P1170203-scaled-e1652609483648-300x192.jpg 300w, https:\/\/rutessilviarovira.com\/wp-content\/uploads\/2021\/08\/P1170203-scaled-e1652609483648-1024x655.jpg 1024w, https:\/\/rutessilviarovira.com\/wp-content\/uploads\/2021\/08\/P1170203-scaled-e1652609483648-768x491.jpg 768w\" sizes=\"(max-width: 1060px) 100vw, 1060px\" \/>                <\/a>\n            <\/div>\n                        <div class=\"mkdf-el-item-content\" >\n                <div class=\"mkdf-el-item-location-title-holder\">\n                    <h4 class=\"mkdf-el-item-title\">\n                    <a href=\"https:\/\/rutessilviarovira.com\/es\/event\/emblematic-mountains-el-gran-sasso-en-los-apeninos-travesia\/\">\n                        Emblematic Mountains: El Gran Sasso en los Apeninos Traves\u00eda                    <\/a>\n                <\/h4>\n                                                    <div class=\"mkdf-el-item-time\">\n\t\t\t\t            <span>\n\t\t\t\t            \tDisponible bajo petici\u00f3n\t\t\t\t            <\/span>\n                    <\/div>\n                                <div class=\"mkdf-el-read-more-link\">\n                    <a href=\"https:\/\/rutessilviarovira.com\/es\/event\/emblematic-mountains-el-gran-sasso-en-los-apeninos-travesia\/\">Llegeix m\u00e9s<\/a>\n                <\/div>\n            <\/div>\n        <\/div>\n    <\/div>\n<\/div>\n<\/div><div class=\"mkdf-el-item mkdf-el-item-odd\">\n    <div class=\"mkdf-el-item-inner\">\n        <div class=\"mkdf-el-item-inner-holder\">\n            <div class=\"mkdf-el-item-image\">\n                <a href=\"https:\/\/rutessilviarovira.com\/es\/event\/emblematic-mountains-gran-sasso-apenins-2\/\">\n                    <img decoding=\"async\" width=\"1060\" height=\"673\" src=\"https:\/\/rutessilviarovira.com\/wp-content\/uploads\/2022\/05\/P1170181-scaled-e1652608225271.jpg\" class=\"attachment-full size-full wp-post-image\" alt=\"\" srcset=\"https:\/\/rutessilviarovira.com\/wp-content\/uploads\/2022\/05\/P1170181-scaled-e1652608225271.jpg 1060w, https:\/\/rutessilviarovira.com\/wp-content\/uploads\/2022\/05\/P1170181-scaled-e1652608225271-300x190.jpg 300w, https:\/\/rutessilviarovira.com\/wp-content\/uploads\/2022\/05\/P1170181-scaled-e1652608225271-1024x650.jpg 1024w, https:\/\/rutessilviarovira.com\/wp-content\/uploads\/2022\/05\/P1170181-scaled-e1652608225271-768x488.jpg 768w\" sizes=\"(max-width: 1060px) 100vw, 1060px\" \/>                <\/a>\n            <\/div>\n                            <div class=\"mkdf-el-item-date\">\n                                        <span class=\"mkdf-el-item-day\">20<\/span>\n                    <div class=\"mkdf-el-item-my\">\n                        <span class=\"mkdf-el-item-month\">Juny<\/span>\n                    <\/div>\n                <\/div>\n                        <div class=\"mkdf-el-item-content\" >\n                <div class=\"mkdf-el-item-location-title-holder\">\n                    <h4 class=\"mkdf-el-item-title\">\n                    <a href=\"https:\/\/rutessilviarovira.com\/es\/event\/emblematic-mountains-gran-sasso-apenins-2\/\">\n                        Emblematic Mountains: El Gran Sasso als Apenins                    <\/a>\n                <\/h4>\n                                    <div class=\"mkdf-el-item-location\">\n                        <span>Italia<\/span>\n                    <\/div>\n                                                    <div class=\"mkdf-el-item-time\">\n\t\t\t\t            <span>\n\t\t\t\t            \t5 Dies\t\t\t\t            <\/span>\n                    <\/div>\n                                <div class=\"mkdf-el-read-more-link\">\n                    <a href=\"https:\/\/rutessilviarovira.com\/es\/event\/emblematic-mountains-gran-sasso-apenins-2\/\">Llegeix m\u00e9s<\/a>\n                <\/div>\n            <\/div>\n        <\/div>\n    <\/div>\n<\/div>\n<\/div><div class=\"mkdf-el-item mkdf-el-item-even\">\n    <div class=\"mkdf-el-item-inner\">\n        <div class=\"mkdf-el-item-inner-holder\">\n            <div class=\"mkdf-el-item-image\">\n                <a href=\"https:\/\/rutessilviarovira.com\/es\/event\/la-provenza-cimas-emblematicas-y-caminos-de-costa\/\">\n                    <img decoding=\"async\" width=\"1215\" height=\"655\" src=\"https:\/\/rutessilviarovira.com\/wp-content\/uploads\/2023\/09\/P1330506-scaled-e1695223575524.jpg\" class=\"attachment-full size-full wp-post-image\" alt=\"\" srcset=\"https:\/\/rutessilviarovira.com\/wp-content\/uploads\/2023\/09\/P1330506-scaled-e1695223575524.jpg 1215w, https:\/\/rutessilviarovira.com\/wp-content\/uploads\/2023\/09\/P1330506-scaled-e1695223575524-300x162.jpg 300w, https:\/\/rutessilviarovira.com\/wp-content\/uploads\/2023\/09\/P1330506-scaled-e1695223575524-1024x552.jpg 1024w, https:\/\/rutessilviarovira.com\/wp-content\/uploads\/2023\/09\/P1330506-scaled-e1695223575524-768x414.jpg 768w\" sizes=\"(max-width: 1215px) 100vw, 1215px\" \/>                <\/a>\n            <\/div>\n                        <div class=\"mkdf-el-item-content\" >\n                <div class=\"mkdf-el-item-location-title-holder\">\n                    <h4 class=\"mkdf-el-item-title\">\n                    <a href=\"https:\/\/rutessilviarovira.com\/es\/event\/la-provenza-cimas-emblematicas-y-caminos-de-costa\/\">\n                        La Provenza, Cimas Emblem\u00e1ticas y caminos de Costa                    <\/a>\n                <\/h4>\n                                                    <div class=\"mkdf-el-item-time\">\n\t\t\t\t            <span>\n\t\t\t\t            \tDisponible bajo petici\u00f3n\t\t\t\t            <\/span>\n                    <\/div>\n                                <div class=\"mkdf-el-read-more-link\">\n                    <a href=\"https:\/\/rutessilviarovira.com\/es\/event\/la-provenza-cimas-emblematicas-y-caminos-de-costa\/\">Llegeix m\u00e9s<\/a>\n                <\/div>\n            <\/div>\n        <\/div>\n    <\/div>\n<\/div>\n<\/div><div class=\"mkdf-el-item mkdf-el-item-odd\">\n    <div class=\"mkdf-el-item-inner\">\n        <div class=\"mkdf-el-item-inner-holder\">\n            <div class=\"mkdf-el-item-image\">\n                <a href=\"https:\/\/rutessilviarovira.com\/es\/event\/camino-de-los-buenos-hombres-en-btt\/\">\n                    <img decoding=\"async\" width=\"800\" height=\"520\" src=\"https:\/\/rutessilviarovira.com\/wp-content\/uploads\/2019\/10\/orp9630-e1613495600364.jpg\" class=\"attachment-full size-full wp-post-image\" alt=\"\" srcset=\"https:\/\/rutessilviarovira.com\/wp-content\/uploads\/2019\/10\/orp9630-e1613495600364.jpg 800w, https:\/\/rutessilviarovira.com\/wp-content\/uploads\/2019\/10\/orp9630-e1613495600364-600x390.jpg 600w, https:\/\/rutessilviarovira.com\/wp-content\/uploads\/2019\/10\/orp9630-e1613495600364-300x195.jpg 300w, https:\/\/rutessilviarovira.com\/wp-content\/uploads\/2019\/10\/orp9630-e1613495600364-768x499.jpg 768w\" sizes=\"(max-width: 800px) 100vw, 800px\" \/>                <\/a>\n            <\/div>\n                        <div class=\"mkdf-el-item-content\" >\n                <div class=\"mkdf-el-item-location-title-holder\">\n                    <h4 class=\"mkdf-el-item-title\">\n                    <a href=\"https:\/\/rutessilviarovira.com\/es\/event\/camino-de-los-buenos-hombres-en-btt\/\">\n                        Camino de los Buenos Hombres en btt                    <\/a>\n                <\/h4>\n                                                    <div class=\"mkdf-el-item-time\">\n\t\t\t\t            <span>\n\t\t\t\t            \tDisponible bajo petici\u00f3n\t\t\t\t            <\/span>\n                    <\/div>\n                                <div class=\"mkdf-el-read-more-link\">\n                    <a href=\"https:\/\/rutessilviarovira.com\/es\/event\/camino-de-los-buenos-hombres-en-btt\/\">Llegeix m\u00e9s<\/a>\n                <\/div>\n            <\/div>\n        <\/div>\n    <\/div>\n<\/div>\n<\/div><div class=\"mkdf-el-item mkdf-el-item-even\">\n    <div class=\"mkdf-el-item-inner\">\n        <div class=\"mkdf-el-item-inner-holder\">\n            <div class=\"mkdf-el-item-image\">\n                <a href=\"https:\/\/rutessilviarovira.com\/es\/event\/cruzar-europa-por-el-camino-de-santiago-francia\/\">\n                    <img decoding=\"async\" width=\"2048\" height=\"1536\" src=\"https:\/\/rutessilviarovira.com\/wp-content\/uploads\/2025\/09\/P1190815-e1758563837801.jpg\" class=\"attachment-full size-full wp-post-image\" alt=\"Cami Santiago Fran\u00e7a\" \/>                <\/a>\n            <\/div>\n                        <div class=\"mkdf-el-item-content\" >\n                <div class=\"mkdf-el-item-location-title-holder\">\n                    <h4 class=\"mkdf-el-item-title\">\n                    <a href=\"https:\/\/rutessilviarovira.com\/es\/event\/cruzar-europa-por-el-camino-de-santiago-francia\/\">\n                        Cruzar Europa por el Camino de Santiago Francia                    <\/a>\n                <\/h4>\n                                                    <div class=\"mkdf-el-item-time\">\n\t\t\t\t            <span>\n\t\t\t\t            \tDisponible bajo petici\u00f3n\t\t\t\t            <\/span>\n                    <\/div>\n                                <div class=\"mkdf-el-read-more-link\">\n                    <a href=\"https:\/\/rutessilviarovira.com\/es\/event\/cruzar-europa-por-el-camino-de-santiago-francia\/\">Llegeix m\u00e9s<\/a>\n                <\/div>\n            <\/div>\n        <\/div>\n    <\/div>\n<\/div>\n<\/div><div class=\"mkdf-el-item mkdf-el-item-odd\">\n    <div class=\"mkdf-el-item-inner\">\n        <div class=\"mkdf-el-item-inner-holder\">\n            <div class=\"mkdf-el-item-image\">\n                <a href=\"https:\/\/rutessilviarovira.com\/es\/event\/transpirenaica-en-btt-part-catalana-o-entera\/\">\n                    <img decoding=\"async\" width=\"600\" height=\"346\" src=\"https:\/\/rutessilviarovira.com\/wp-content\/uploads\/2019\/04\/myegoo_p12902589_s.jpg\" class=\"attachment-full size-full wp-post-image\" alt=\"\" srcset=\"https:\/\/rutessilviarovira.com\/wp-content\/uploads\/2019\/04\/myegoo_p12902589_s.jpg 600w, https:\/\/rutessilviarovira.com\/wp-content\/uploads\/2019\/04\/myegoo_p12902589_s-300x173.jpg 300w\" sizes=\"(max-width: 600px) 100vw, 600px\" \/>                <\/a>\n            <\/div>\n                        <div class=\"mkdf-el-item-content\" >\n                <div class=\"mkdf-el-item-location-title-holder\">\n                    <h4 class=\"mkdf-el-item-title\">\n                    <a href=\"https:\/\/rutessilviarovira.com\/es\/event\/transpirenaica-en-btt-part-catalana-o-entera\/\">\n                        Transpirenaica en Btt Entera o por etapas                    <\/a>\n                <\/h4>\n                                                    <div class=\"mkdf-el-item-time\">\n\t\t\t\t            <span>\n\t\t\t\t            \tDisponible bajo petici\u00f3n\t\t\t\t            <\/span>\n                    <\/div>\n                                <div class=\"mkdf-el-read-more-link\">\n                    <a href=\"https:\/\/rutessilviarovira.com\/es\/event\/transpirenaica-en-btt-part-catalana-o-entera\/\">Llegeix m\u00e9s<\/a>\n                <\/div>\n            <\/div>\n        <\/div>\n    <\/div>\n<\/div>\n<\/div><div class=\"mkdf-el-item mkdf-el-item-even\">\n    <div class=\"mkdf-el-item-inner\">\n        <div class=\"mkdf-el-item-inner-holder\">\n            <div class=\"mkdf-el-item-image\">\n                <a href=\"https:\/\/rutessilviarovira.com\/es\/event\/trekking-bulgaria-en-los-balcanes-lagos-y-montanas-en-los-pns-2\/\">\n                    <img decoding=\"async\" width=\"1003\" height=\"648\" src=\"https:\/\/rutessilviarovira.com\/wp-content\/uploads\/2022\/05\/Captura-de-pantalla-2022-05-15-102546.jpg\" class=\"attachment-full size-full wp-post-image\" alt=\"\" srcset=\"https:\/\/rutessilviarovira.com\/wp-content\/uploads\/2022\/05\/Captura-de-pantalla-2022-05-15-102546.jpg 1003w, https:\/\/rutessilviarovira.com\/wp-content\/uploads\/2022\/05\/Captura-de-pantalla-2022-05-15-102546-300x194.jpg 300w, https:\/\/rutessilviarovira.com\/wp-content\/uploads\/2022\/05\/Captura-de-pantalla-2022-05-15-102546-768x496.jpg 768w\" sizes=\"(max-width: 1003px) 100vw, 1003px\" \/>                <\/a>\n            <\/div>\n                        <div class=\"mkdf-el-item-content\" >\n                <div class=\"mkdf-el-item-location-title-holder\">\n                    <h4 class=\"mkdf-el-item-title\">\n                    <a href=\"https:\/\/rutessilviarovira.com\/es\/event\/trekking-bulgaria-en-los-balcanes-lagos-y-montanas-en-los-pns-2\/\">\n                        Trekking Bulgaria en los Balcanes: Lagos y Monta\u00f1as en los PNs                    <\/a>\n                <\/h4>\n                                                    <div class=\"mkdf-el-item-time\">\n\t\t\t\t            <span>\n\t\t\t\t            \tDisponible bajo petici\u00f3n\t\t\t\t            <\/span>\n                    <\/div>\n                                <div class=\"mkdf-el-read-more-link\">\n                    <a href=\"https:\/\/rutessilviarovira.com\/es\/event\/trekking-bulgaria-en-los-balcanes-lagos-y-montanas-en-los-pns-2\/\">Llegeix m\u00e9s<\/a>\n                <\/div>\n            <\/div>\n        <\/div>\n    <\/div>\n<\/div>\n<\/div><div class=\"mkdf-el-item mkdf-el-item-odd\">\n    <div class=\"mkdf-el-item-inner\">\n        <div class=\"mkdf-el-item-inner-holder\">\n            <div class=\"mkdf-el-item-image\">\n                <a href=\"https:\/\/rutessilviarovira.com\/es\/event\/mountain-desert-btt\/\">\n                    <img decoding=\"async\" width=\"900\" height=\"569\" src=\"https:\/\/rutessilviarovira.com\/wp-content\/uploads\/2019\/12\/P1050416.92-900-x-753-e1607614815942.jpg\" class=\"attachment-full size-full wp-post-image\" alt=\"\" srcset=\"https:\/\/rutessilviarovira.com\/wp-content\/uploads\/2019\/12\/P1050416.92-900-x-753-e1607614815942.jpg 900w, https:\/\/rutessilviarovira.com\/wp-content\/uploads\/2019\/12\/P1050416.92-900-x-753-e1607614815942-600x379.jpg 600w, https:\/\/rutessilviarovira.com\/wp-content\/uploads\/2019\/12\/P1050416.92-900-x-753-e1607614815942-300x190.jpg 300w, https:\/\/rutessilviarovira.com\/wp-content\/uploads\/2019\/12\/P1050416.92-900-x-753-e1607614815942-768x486.jpg 768w\" sizes=\"(max-width: 900px) 100vw, 900px\" \/>                <\/a>\n            <\/div>\n                        <div class=\"mkdf-el-item-content\" >\n                <div class=\"mkdf-el-item-location-title-holder\">\n                    <h4 class=\"mkdf-el-item-title\">\n                    <a href=\"https:\/\/rutessilviarovira.com\/es\/event\/mountain-desert-btt\/\">\n                        Mountain Desert Btt                    <\/a>\n                <\/h4>\n                                    <div class=\"mkdf-el-item-location\">\n                        <span>Marroc<\/span>\n                    <\/div>\n                                                    <div class=\"mkdf-el-item-time\">\n\t\t\t\t            <span>\n\t\t\t\t            \tDisponible bajo petici\u00f3n\t\t\t\t            <\/span>\n                    <\/div>\n                                <div class=\"mkdf-el-read-more-link\">\n                    <a href=\"https:\/\/rutessilviarovira.com\/es\/event\/mountain-desert-btt\/\">Llegeix m\u00e9s<\/a>\n                <\/div>\n            <\/div>\n        <\/div>\n    <\/div>\n<\/div>\n<\/div><div class=\"mkdf-el-item mkdf-el-item-even\">\n    <div class=\"mkdf-el-item-inner\">\n        <div class=\"mkdf-el-item-inner-holder\">\n            <div class=\"mkdf-el-item-image\">\n                <a href=\"https:\/\/rutessilviarovira.com\/es\/event\/ascenso-al-tallon-3020m-50-cumbres\/\">\n                    <img decoding=\"async\" width=\"2560\" height=\"1920\" src=\"https:\/\/rutessilviarovira.com\/wp-content\/uploads\/2024\/06\/P1330790-scaled-e1718105429341.jpg\" class=\"attachment-full size-full wp-post-image\" alt=\"Tallon 50 Cims Rutes SR\" \/>                <\/a>\n            <\/div>\n                        <div class=\"mkdf-el-item-content\" >\n                <div class=\"mkdf-el-item-location-title-holder\">\n                    <h4 class=\"mkdf-el-item-title\">\n                    <a href=\"https:\/\/rutessilviarovira.com\/es\/event\/ascenso-al-tallon-3020m-50-cumbres\/\">\n                        Ascenso al Tall\u00f3n 3020m; 50 Cumbres                    <\/a>\n                <\/h4>\n                                                    <div class=\"mkdf-el-item-time\">\n\t\t\t\t            <span>\n\t\t\t\t            \tDisponible bajo petici\u00f3n\t\t\t\t            <\/span>\n                    <\/div>\n                                <div class=\"mkdf-el-read-more-link\">\n                    <a href=\"https:\/\/rutessilviarovira.com\/es\/event\/ascenso-al-tallon-3020m-50-cumbres\/\">Llegeix m\u00e9s<\/a>\n                <\/div>\n            <\/div>\n        <\/div>\n    <\/div>\n<\/div>\n<\/div><div class=\"mkdf-el-item mkdf-el-item-odd\">\n    <div class=\"mkdf-el-item-inner\">\n        <div class=\"mkdf-el-item-inner-holder\">\n            <div class=\"mkdf-el-item-image\">\n                <a href=\"https:\/\/rutessilviarovira.com\/es\/event\/trekking-bulgaria-en-los-balcanes-lagos-y-montanas-en-los-pns\/\">\n                    <img decoding=\"async\" width=\"1003\" height=\"648\" src=\"https:\/\/rutessilviarovira.com\/wp-content\/uploads\/2022\/05\/Captura-de-pantalla-2022-05-15-102546.jpg\" class=\"attachment-full size-full wp-post-image\" alt=\"\" srcset=\"https:\/\/rutessilviarovira.com\/wp-content\/uploads\/2022\/05\/Captura-de-pantalla-2022-05-15-102546.jpg 1003w, https:\/\/rutessilviarovira.com\/wp-content\/uploads\/2022\/05\/Captura-de-pantalla-2022-05-15-102546-300x194.jpg 300w, https:\/\/rutessilviarovira.com\/wp-content\/uploads\/2022\/05\/Captura-de-pantalla-2022-05-15-102546-768x496.jpg 768w\" sizes=\"(max-width: 1003px) 100vw, 1003px\" \/>                <\/a>\n            <\/div>\n                        <div class=\"mkdf-el-item-content\" >\n                <div class=\"mkdf-el-item-location-title-holder\">\n                    <h4 class=\"mkdf-el-item-title\">\n                    <a href=\"https:\/\/rutessilviarovira.com\/es\/event\/trekking-bulgaria-en-los-balcanes-lagos-y-montanas-en-los-pns\/\">\n                        Trekking Bulgaria en los Balcanes: Lagos y Monta\u00f1as en los PNs                    <\/a>\n                <\/h4>\n                                                    <div class=\"mkdf-el-item-time\">\n\t\t\t\t            <span>\n\t\t\t\t            \tDisponible bajo petici\u00f3n\t\t\t\t            <\/span>\n                    <\/div>\n                                <div class=\"mkdf-el-read-more-link\">\n                    <a href=\"https:\/\/rutessilviarovira.com\/es\/event\/trekking-bulgaria-en-los-balcanes-lagos-y-montanas-en-los-pns\/\">Llegeix m\u00e9s<\/a>\n                <\/div>\n            <\/div>\n        <\/div>\n    <\/div>\n<\/div>\n<\/div><div class=\"mkdf-el-item mkdf-el-item-even\">\n    <div class=\"mkdf-el-item-inner\">\n        <div class=\"mkdf-el-item-inner-holder\">\n            <div class=\"mkdf-el-item-image\">\n                <a href=\"https:\/\/rutessilviarovira.com\/es\/event\/trekking-del-manaslu-16-dias\/\">\n                    <img decoding=\"async\" width=\"1019\" height=\"706\" src=\"https:\/\/rutessilviarovira.com\/wp-content\/uploads\/2023\/05\/P1050958.9-e1718092002242.jpg\" class=\"attachment-full size-full wp-post-image\" alt=\"\" \/>                <\/a>\n            <\/div>\n                        <div class=\"mkdf-el-item-content\" >\n                <div class=\"mkdf-el-item-location-title-holder\">\n                    <h4 class=\"mkdf-el-item-title\">\n                    <a href=\"https:\/\/rutessilviarovira.com\/es\/event\/trekking-del-manaslu-16-dias\/\">\n                        TREKKING DEL MANASLU 16 D\u00cdAS                    <\/a>\n                <\/h4>\n                                                    <div class=\"mkdf-el-item-time\">\n\t\t\t\t            <span>\n\t\t\t\t            \tDisponible bajo petici\u00f3n\t\t\t\t            <\/span>\n                    <\/div>\n                                <div class=\"mkdf-el-read-more-link\">\n                    <a href=\"https:\/\/rutessilviarovira.com\/es\/event\/trekking-del-manaslu-16-dias\/\">Llegeix m\u00e9s<\/a>\n                <\/div>\n            <\/div>\n        <\/div>\n    <\/div>\n<\/div>\n<\/div><div class=\"mkdf-el-item mkdf-el-item-odd\">\n    <div class=\"mkdf-el-item-inner\">\n        <div class=\"mkdf-el-item-inner-holder\">\n            <div class=\"mkdf-el-item-image\">\n                <a href=\"https:\/\/rutessilviarovira.com\/es\/event\/gr-11-travesia-pirenaica\/\">\n                    <img decoding=\"async\" width=\"967\" height=\"635\" src=\"https:\/\/rutessilviarovira.com\/wp-content\/uploads\/2022\/04\/P1030206.1-1000-x-716-e1761303857599.jpg\" class=\"attachment-full size-full wp-post-image\" alt=\"\" \/>                <\/a>\n            <\/div>\n                        <div class=\"mkdf-el-item-content\" >\n                <div class=\"mkdf-el-item-location-title-holder\">\n                    <h4 class=\"mkdf-el-item-title\">\n                    <a href=\"https:\/\/rutessilviarovira.com\/es\/event\/gr-11-travesia-pirenaica\/\">\n                        GR-11 Traves\u00eda Pirenaica                    <\/a>\n                <\/h4>\n                                                    <div class=\"mkdf-el-item-time\">\n\t\t\t\t            <span>\n\t\t\t\t            \tDisponible bajo petici\u00f3n\t\t\t\t            <\/span>\n                    <\/div>\n                                <div class=\"mkdf-el-read-more-link\">\n                    <a href=\"https:\/\/rutessilviarovira.com\/es\/event\/gr-11-travesia-pirenaica\/\">Llegeix m\u00e9s<\/a>\n                <\/div>\n            <\/div>\n        <\/div>\n    <\/div>\n<\/div>\n<\/div><\/div><\/div>[\/vc_column][\/vc_row]<\/p>\n","protected":false},"excerpt":{"rendered":"<p>[vc_row row_background_shadow=\u00bbno\u00bb][vc_column][\/vc_column][\/vc_row]<\/p>\n","protected":false},"author":2,"featured_media":0,"parent":0,"menu_order":0,"comment_status":"closed","ping_status":"open","template":"","meta":{"footnotes":""},"class_list":["post-8135","page","type-page","status-publish","hentry"],"yoast_head":"<!-- This site is optimized with the Yoast SEO plugin v22.9 - https:\/\/yoast.com\/wordpress\/plugins\/seo\/ -->\n<title>Rutas en bicicleta por Catalu\u00f1a - Transpirenaica en Btt<\/title>\n<meta name=\"description\" content=\"\u00a1Vive la aventura de la BTT! Descubre las mejores rutas en bicicleta por Catalu\u00f1a. Emociones en dos ruedas.\" \/>\n<meta name=\"robots\" content=\"index, follow, max-snippet:-1, max-image-preview:large, max-video-preview:-1\" \/>\n<link rel=\"canonical\" href=\"https:\/\/rutessilviarovira.com\/es\/calendario-events\/\" \/>\n<meta property=\"og:locale\" content=\"es_ES\" \/>\n<meta property=\"og:type\" content=\"article\" \/>\n<meta property=\"og:title\" content=\"Rutas en bicicleta por Catalu\u00f1a - Transpirenaica en Btt\" \/>\n<meta property=\"og:description\" content=\"\u00a1Vive la aventura de la BTT! Descubre las mejores rutas en bicicleta por Catalu\u00f1a. Emociones en dos ruedas.\" \/>\n<meta property=\"og:url\" content=\"https:\/\/rutessilviarovira.com\/es\/calendario-events\/\" \/>\n<meta property=\"og:site_name\" content=\"Rutes S\u00edlvia Rovira\" \/>\n<meta property=\"article:modified_time\" content=\"2024-10-17T16:31:39+00:00\" \/>\n<meta name=\"twitter:card\" content=\"summary_large_image\" \/>\n<script type=\"application\/ld+json\" class=\"yoast-schema-graph\">{\"@context\":\"https:\/\/schema.org\",\"@graph\":[{\"@type\":\"WebPage\",\"@id\":\"https:\/\/rutessilviarovira.com\/es\/calendario-events\/\",\"url\":\"https:\/\/rutessilviarovira.com\/es\/calendario-events\/\",\"name\":\"Rutas en bicicleta por Catalu\u00f1a - Transpirenaica en Btt\",\"isPartOf\":{\"@id\":\"https:\/\/rutessilviarovira.com\/#website\"},\"datePublished\":\"2019-04-19T19:44:58+00:00\",\"dateModified\":\"2024-10-17T16:31:39+00:00\",\"description\":\"\u00a1Vive la aventura de la BTT! Descubre las mejores rutas en bicicleta por Catalu\u00f1a. Emociones en dos ruedas.\",\"breadcrumb\":{\"@id\":\"https:\/\/rutessilviarovira.com\/es\/calendario-events\/#breadcrumb\"},\"inLanguage\":\"es\",\"potentialAction\":[{\"@type\":\"ReadAction\",\"target\":[\"https:\/\/rutessilviarovira.com\/es\/calendario-events\/\"]}]},{\"@type\":\"BreadcrumbList\",\"@id\":\"https:\/\/rutessilviarovira.com\/es\/calendario-events\/#breadcrumb\",\"itemListElement\":[{\"@type\":\"ListItem\",\"position\":1,\"name\":\"Portada\",\"item\":\"https:\/\/rutessilviarovira.com\/es\/inicio\/\"},{\"@type\":\"ListItem\",\"position\":2,\"name\":\"Calendario Events\"}]},{\"@type\":\"WebSite\",\"@id\":\"https:\/\/rutessilviarovira.com\/#website\",\"url\":\"https:\/\/rutessilviarovira.com\/\",\"name\":\"Rutes S\u00edlvia Rovira\",\"description\":\"Rutes de btt,Senderisme,Trekking i raquetes de neu\",\"publisher\":{\"@id\":\"https:\/\/rutessilviarovira.com\/#organization\"},\"potentialAction\":[{\"@type\":\"SearchAction\",\"target\":{\"@type\":\"EntryPoint\",\"urlTemplate\":\"https:\/\/rutessilviarovira.com\/?s={search_term_string}\"},\"query-input\":\"required name=search_term_string\"}],\"inLanguage\":\"es\"},{\"@type\":\"Organization\",\"@id\":\"https:\/\/rutessilviarovira.com\/#organization\",\"name\":\"Rutes S\u00edvia Rovira\",\"url\":\"https:\/\/rutessilviarovira.com\/\",\"logo\":{\"@type\":\"ImageObject\",\"inLanguage\":\"es\",\"@id\":\"https:\/\/rutessilviarovira.com\/#\/schema\/logo\/image\/\",\"url\":\"https:\/\/rutessilviarovira.com\/wp-content\/uploads\/2019\/04\/cropped-LOGO-1.png\",\"contentUrl\":\"https:\/\/rutessilviarovira.com\/wp-content\/uploads\/2019\/04\/cropped-LOGO-1.png\",\"width\":512,\"height\":512,\"caption\":\"Rutes S\u00edvia Rovira\"},\"image\":{\"@id\":\"https:\/\/rutessilviarovira.com\/#\/schema\/logo\/image\/\"}}]}<\/script>\n<!-- \/ Yoast SEO plugin. -->","yoast_head_json":{"title":"Rutas en bicicleta por Catalu\u00f1a - Transpirenaica en Btt","description":"\u00a1Vive la aventura de la BTT! Descubre las mejores rutas en bicicleta por Catalu\u00f1a. Emociones en dos ruedas.","robots":{"index":"index","follow":"follow","max-snippet":"max-snippet:-1","max-image-preview":"max-image-preview:large","max-video-preview":"max-video-preview:-1"},"canonical":"https:\/\/rutessilviarovira.com\/es\/calendario-events\/","og_locale":"es_ES","og_type":"article","og_title":"Rutas en bicicleta por Catalu\u00f1a - Transpirenaica en Btt","og_description":"\u00a1Vive la aventura de la BTT! Descubre las mejores rutas en bicicleta por Catalu\u00f1a. Emociones en dos ruedas.","og_url":"https:\/\/rutessilviarovira.com\/es\/calendario-events\/","og_site_name":"Rutes S\u00edlvia Rovira","article_modified_time":"2024-10-17T16:31:39+00:00","twitter_card":"summary_large_image","schema":{"@context":"https:\/\/schema.org","@graph":[{"@type":"WebPage","@id":"https:\/\/rutessilviarovira.com\/es\/calendario-events\/","url":"https:\/\/rutessilviarovira.com\/es\/calendario-events\/","name":"Rutas en bicicleta por Catalu\u00f1a - Transpirenaica en Btt","isPartOf":{"@id":"https:\/\/rutessilviarovira.com\/#website"},"datePublished":"2019-04-19T19:44:58+00:00","dateModified":"2024-10-17T16:31:39+00:00","description":"\u00a1Vive la aventura de la BTT! Descubre las mejores rutas en bicicleta por Catalu\u00f1a. Emociones en dos ruedas.","breadcrumb":{"@id":"https:\/\/rutessilviarovira.com\/es\/calendario-events\/#breadcrumb"},"inLanguage":"es","potentialAction":[{"@type":"ReadAction","target":["https:\/\/rutessilviarovira.com\/es\/calendario-events\/"]}]},{"@type":"BreadcrumbList","@id":"https:\/\/rutessilviarovira.com\/es\/calendario-events\/#breadcrumb","itemListElement":[{"@type":"ListItem","position":1,"name":"Portada","item":"https:\/\/rutessilviarovira.com\/es\/inicio\/"},{"@type":"ListItem","position":2,"name":"Calendario Events"}]},{"@type":"WebSite","@id":"https:\/\/rutessilviarovira.com\/#website","url":"https:\/\/rutessilviarovira.com\/","name":"Rutes S\u00edlvia Rovira","description":"Rutes de btt,Senderisme,Trekking i raquetes de neu","publisher":{"@id":"https:\/\/rutessilviarovira.com\/#organization"},"potentialAction":[{"@type":"SearchAction","target":{"@type":"EntryPoint","urlTemplate":"https:\/\/rutessilviarovira.com\/?s={search_term_string}"},"query-input":"required name=search_term_string"}],"inLanguage":"es"},{"@type":"Organization","@id":"https:\/\/rutessilviarovira.com\/#organization","name":"Rutes S\u00edvia Rovira","url":"https:\/\/rutessilviarovira.com\/","logo":{"@type":"ImageObject","inLanguage":"es","@id":"https:\/\/rutessilviarovira.com\/#\/schema\/logo\/image\/","url":"https:\/\/rutessilviarovira.com\/wp-content\/uploads\/2019\/04\/cropped-LOGO-1.png","contentUrl":"https:\/\/rutessilviarovira.com\/wp-content\/uploads\/2019\/04\/cropped-LOGO-1.png","width":512,"height":512,"caption":"Rutes S\u00edvia Rovira"},"image":{"@id":"https:\/\/rutessilviarovira.com\/#\/schema\/logo\/image\/"}}]}},"_links":{"self":[{"href":"https:\/\/rutessilviarovira.com\/es\/wp-json\/wp\/v2\/pages\/8135"}],"collection":[{"href":"https:\/\/rutessilviarovira.com\/es\/wp-json\/wp\/v2\/pages"}],"about":[{"href":"https:\/\/rutessilviarovira.com\/es\/wp-json\/wp\/v2\/types\/page"}],"author":[{"embeddable":true,"href":"https:\/\/rutessilviarovira.com\/es\/wp-json\/wp\/v2\/users\/2"}],"replies":[{"embeddable":true,"href":"https:\/\/rutessilviarovira.com\/es\/wp-json\/wp\/v2\/comments?post=8135"}],"version-history":[{"count":1,"href":"https:\/\/rutessilviarovira.com\/es\/wp-json\/wp\/v2\/pages\/8135\/revisions"}],"predecessor-version":[{"id":8137,"href":"https:\/\/rutessilviarovira.com\/es\/wp-json\/wp\/v2\/pages\/8135\/revisions\/8137"}],"wp:attachment":[{"href":"https:\/\/rutessilviarovira.com\/es\/wp-json\/wp\/v2\/media?parent=8135"}],"curies":[{"name":"wp","href":"https:\/\/api.w.org\/{rel}","templated":true}]}}